{"id":898,"date":"2021-03-12T00:10:17","date_gmt":"2021-03-12T00:10:17","guid":{"rendered":"https:\/\/juliocesartriana.com\/?page_id=898"},"modified":"2021-09-21T14:00:52","modified_gmt":"2021-09-21T14:00:52","slug":"conoceme","status":"publish","type":"page","link":"https:\/\/juliocesartriana.com\/index.php\/conoceme\/","title":{"rendered":"Con\u00f3ceme"},"content":{"rendered":"\t\t<div data-elementor-type=\"wp-post\" data-elementor-id=\"898\" class=\"elementor elementor-898\" data-elementor-settings=\"[]\">\n\t\t\t\t\t\t<div class=\"elementor-inner\">\n\t\t\t\t\t\t\t<div class=\"elementor-section-wrap\">\n\t\t\t\t\t\t\t<section class=\"elementor-section elementor-top-section elementor-element elementor-element-110e9b29 elementor-section-boxed elementor-section-height-default elementor-section-height-default\" data-id=\"110e9b29\" data-element_type=\"section\" data-settings=\"{&quot;background_background&quot;:&quot;gradient&quot;}\">\n\t\t\t\t\t\t<div class=\"elementor-container elementor-column-gap-no\">\n\t\t\t\t\t\t\t<div class=\"elementor-row\">\n\t\t\t\t\t<div class=\"elementor-column elementor-col-100 elementor-top-column elementor-element elementor-element-591ba872\" data-id=\"591ba872\" data-element_type=\"column\">\n\t\t\t<div class=\"elementor-column-wrap elementor-element-populated\">\n\t\t\t\t\t\t\t<div class=\"elementor-widget-wrap\">\n\t\t\t\t\t\t<div class=\"elementor-element elementor-element-42954905 elementor-widget elementor-widget-heading\" data-id=\"42954905\" data-element_type=\"widget\" data-widget_type=\"heading.default\">\n\t\t\t\t<div class=\"elementor-widget-container\">\n\t\t\t<h3 class=\"elementor-heading-title elementor-size-default\">Mi vida personal<\/h3>\t\t<\/div>\n\t\t\t\t<\/div>\n\t\t\t\t<section class=\"elementor-section elementor-inner-section elementor-element elementor-element-669c261e elementor-section-content-middle elementor-section-boxed elementor-section-height-default elementor-section-height-default\" data-id=\"669c261e\" data-element_type=\"section\">\n\t\t\t\t\t\t<div class=\"elementor-container elementor-column-gap-no\">\n\t\t\t\t\t\t\t<div class=\"elementor-row\">\n\t\t\t\t\t<div class=\"elementor-column elementor-col-50 elementor-inner-column elementor-element elementor-element-783cdb46\" data-id=\"783cdb46\" data-element_type=\"column\">\n\t\t\t<div class=\"elementor-column-wrap elementor-element-populated\">\n\t\t\t\t\t\t\t<div class=\"elementor-widget-wrap\">\n\t\t\t\t\t\t<div class=\"elementor-element elementor-element-64b0ed7c elementor-widget elementor-widget-text-editor\" data-id=\"64b0ed7c\" data-element_type=\"widget\" data-widget_type=\"text-editor.default\">\n\t\t\t\t<div class=\"elementor-widget-container\">\n\t\t\t\t\t\t\t\t<div class=\"elementor-text-editor elementor-clearfix\">\n\t\t\t\t<ul>\n<li>Orgullosamente opita.<\/li>\n<li>Nac\u00ed hace 44 a\u00f1os en el municipio de Gigante, Huila.<\/li>\n<li>Soy hijo de \u00c1lvaro Triana e Hilda Quintero. De mi madre destaco su entrega y de mi padre su amor por el campo.<\/li>\n<li>Tengo a mi lado a una mujer maravillosa, Larissa Calder\u00f3n, que me dio la bendici\u00f3n de ser padre de Julio Mario e Isabella.<\/li>\n<\/ul>\t\t\t\t\t<\/div>\n\t\t\t\t\t\t<\/div>\n\t\t\t\t<\/div>\n\t\t\t\t\t\t<\/div>\n\t\t\t\t\t<\/div>\n\t\t<\/div>\n\t\t\t\t<div class=\"elementor-column elementor-col-50 elementor-inner-column elementor-element elementor-element-6cc07d66\" data-id=\"6cc07d66\" data-element_type=\"column\">\n\t\t\t<div class=\"elementor-column-wrap elementor-element-populated\">\n\t\t\t\t\t\t\t<div class=\"elementor-widget-wrap\">\n\t\t\t\t\t\t<div class=\"elementor-element elementor-element-66bc2b36 elementor-widget elementor-widget-image\" data-id=\"66bc2b36\" data-element_type=\"widget\" data-widget_type=\"image.default\">\n\t\t\t\t<div class=\"elementor-widget-container\">\n\t\t\t\t\t\t\t\t<div class=\"elementor-image\">\n\t\t\t\t\t\t\t\t\t\t\t\t<img loading=\"lazy\" decoding=\"async\" width=\"956\" height=\"825\" src=\"https:\/\/juliocesartriana.com\/wp-content\/uploads\/2021\/03\/WhatsApp-Image-2021-03-12-at-12.52.30-PM-e1615592487292.jpeg\" class=\"attachment-full size-full\" alt=\"\" srcset=\"https:\/\/juliocesartriana.com\/wp-content\/uploads\/2021\/03\/WhatsApp-Image-2021-03-12-at-12.52.30-PM-e1615592487292.jpeg 956w, https:\/\/juliocesartriana.com\/wp-content\/uploads\/2021\/03\/WhatsApp-Image-2021-03-12-at-12.52.30-PM-e1615592487292-300x259.jpeg 300w, https:\/\/juliocesartriana.com\/wp-content\/uploads\/2021\/03\/WhatsApp-Image-2021-03-12-at-12.52.30-PM-e1615592487292-768x663.jpeg 768w\" sizes=\"auto, (max-width: 956px) 100vw, 956px\" \/>\t\t\t\t\t\t\t\t\t\t\t\t\t\t<\/div>\n\t\t\t\t\t\t<\/div>\n\t\t\t\t<\/div>\n\t\t\t\t\t\t<\/div>\n\t\t\t\t\t<\/div>\n\t\t<\/div>\n\t\t\t\t\t\t\t\t<\/div>\n\t\t\t\t\t<\/div>\n\t\t<\/section>\n\t\t\t\t<div class=\"elementor-element elementor-element-f130b53 elementor-widget elementor-widget-heading\" data-id=\"f130b53\" data-element_type=\"widget\" data-widget_type=\"heading.default\">\n\t\t\t\t<div class=\"elementor-widget-container\">\n\t\t\t<h3 class=\"elementor-heading-title elementor-size-default\"><br>Mis estudios<\/h3>\t\t<\/div>\n\t\t\t\t<\/div>\n\t\t\t\t<section class=\"elementor-section elementor-inner-section elementor-element elementor-element-7951780e elementor-section-content-middle elementor-section-boxed elementor-section-height-default elementor-section-height-default\" data-id=\"7951780e\" data-element_type=\"section\">\n\t\t\t\t\t\t<div class=\"elementor-container elementor-column-gap-no\">\n\t\t\t\t\t\t\t<div class=\"elementor-row\">\n\t\t\t\t\t<div class=\"elementor-column elementor-col-50 elementor-inner-column elementor-element elementor-element-74742a\" data-id=\"74742a\" data-element_type=\"column\">\n\t\t\t<div class=\"elementor-column-wrap elementor-element-populated\">\n\t\t\t\t\t\t\t<div class=\"elementor-widget-wrap\">\n\t\t\t\t\t\t<div class=\"elementor-element elementor-element-3f942d62 elementor-widget elementor-widget-text-editor\" data-id=\"3f942d62\" data-element_type=\"widget\" data-widget_type=\"text-editor.default\">\n\t\t\t\t<div class=\"elementor-widget-container\">\n\t\t\t\t\t\t\t\t<div class=\"elementor-text-editor elementor-clearfix\">\n\t\t\t\t<ul><li>Abogado de la Universidad Cooperativa de Colombia (2004).<\/li><li>Especialista en Derecho Constitucional y Administrativo de la Universidad Externado de Colombia (2006).<\/li><li>Mag\u00edster en Derecho Administrativo de la Universidad Externado de Colombia (2017).<\/li><\/ul>\t\t\t\t\t<\/div>\n\t\t\t\t\t\t<\/div>\n\t\t\t\t<\/div>\n\t\t\t\t\t\t<\/div>\n\t\t\t\t\t<\/div>\n\t\t<\/div>\n\t\t\t\t<div class=\"elementor-column elementor-col-50 elementor-inner-column elementor-element elementor-element-6864498f\" data-id=\"6864498f\" data-element_type=\"column\">\n\t\t\t<div class=\"elementor-column-wrap elementor-element-populated\">\n\t\t\t\t\t\t\t<div class=\"elementor-widget-wrap\">\n\t\t\t\t\t\t<div class=\"elementor-element elementor-element-267d6e59 elementor-widget elementor-widget-image\" data-id=\"267d6e59\" data-element_type=\"widget\" data-widget_type=\"image.default\">\n\t\t\t\t<div class=\"elementor-widget-container\">\n\t\t\t\t\t\t\t\t<div class=\"elementor-image\">\n\t\t\t\t\t\t\t\t\t\t\t\t<img decoding=\"async\" src=\"https:\/\/juliocesartriana.com\/wp-content\/uploads\/2021\/03\/Mis-estudios.jpg\" title=\"\" alt=\"\" \/>\t\t\t\t\t\t\t\t\t\t\t\t\t\t<\/div>\n\t\t\t\t\t\t<\/div>\n\t\t\t\t<\/div>\n\t\t\t\t\t\t<\/div>\n\t\t\t\t\t<\/div>\n\t\t<\/div>\n\t\t\t\t\t\t\t\t<\/div>\n\t\t\t\t\t<\/div>\n\t\t<\/section>\n\t\t\t\t<div class=\"elementor-element elementor-element-52924d0 elementor-widget elementor-widget-heading\" data-id=\"52924d0\" data-element_type=\"widget\" data-widget_type=\"heading.default\">\n\t\t\t\t<div class=\"elementor-widget-container\">\n\t\t\t<h3 class=\"elementor-heading-title elementor-size-default\"><br>Mi actividad laboral<\/h3>\t\t<\/div>\n\t\t\t\t<\/div>\n\t\t\t\t<section class=\"elementor-section elementor-inner-section elementor-element elementor-element-1ea1adfc elementor-section-content-middle elementor-section-boxed elementor-section-height-default elementor-section-height-default\" data-id=\"1ea1adfc\" data-element_type=\"section\">\n\t\t\t\t\t\t<div class=\"elementor-container elementor-column-gap-no\">\n\t\t\t\t\t\t\t<div class=\"elementor-row\">\n\t\t\t\t\t<div class=\"elementor-column elementor-col-50 elementor-inner-column elementor-element elementor-element-7366ebe5\" data-id=\"7366ebe5\" data-element_type=\"column\">\n\t\t\t<div class=\"elementor-column-wrap elementor-element-populated\">\n\t\t\t\t\t\t\t<div class=\"elementor-widget-wrap\">\n\t\t\t\t\t\t<div class=\"elementor-element elementor-element-2cecab76 elementor-widget elementor-widget-text-editor\" data-id=\"2cecab76\" data-element_type=\"widget\" data-widget_type=\"text-editor.default\">\n\t\t\t\t<div class=\"elementor-widget-container\">\n\t\t\t\t\t\t\t\t<div class=\"elementor-text-editor elementor-clearfix\">\n\t\t\t\t<ul><li>Concejal de La Plata \u2013 Huila (1998).<\/li><li>Diputado de la Asamblea Departamental del Huila (2002 \u2013 2007).<\/li><li>Presidente de la Asamblea Departamental del Huila (2007).<\/li><li>Presidente de la Asamblea Departamental del Huila (2003).<\/li><li>Secretario Privado de la Superintendencia de Sociedades (2010 &#8211; 2011).<\/li><li>Secretario de Gobierno Departamental (2012 &#8211; 2013).<\/li><li>Gobernador encargado del Departamento del Huila por el Presidente de la Rep\u00fablica (2013).<\/li><li>Coordinador de anticontrabando en la Federaci\u00f3n Nacional de Departamentos (2013 &#8211; 2014).<\/li><li>Asesor de entidades del Estado como Incoder y de municipios del Huila como Guadalupe y N\u00e1taga (2015 &#8211; 2016).<\/li><li>Actual Representante a la C\u00e1mara por el departamento del Huila (2018-2022).<\/li><\/ul>\t\t\t\t\t<\/div>\n\t\t\t\t\t\t<\/div>\n\t\t\t\t<\/div>\n\t\t\t\t\t\t<\/div>\n\t\t\t\t\t<\/div>\n\t\t<\/div>\n\t\t\t\t<div class=\"elementor-column elementor-col-50 elementor-inner-column elementor-element elementor-element-30181eff\" data-id=\"30181eff\" data-element_type=\"column\">\n\t\t\t<div class=\"elementor-column-wrap elementor-element-populated\">\n\t\t\t\t\t\t\t<div class=\"elementor-widget-wrap\">\n\t\t\t\t\t\t<div class=\"elementor-element elementor-element-8f10c8a elementor-widget elementor-widget-image\" data-id=\"8f10c8a\" data-element_type=\"widget\" data-widget_type=\"image.default\">\n\t\t\t\t<div class=\"elementor-widget-container\">\n\t\t\t\t\t\t\t\t<div class=\"elementor-image\">\n\t\t\t\t\t\t\t\t\t\t\t\t<img loading=\"lazy\" decoding=\"async\" width=\"1280\" height=\"960\" src=\"https:\/\/juliocesartriana.com\/wp-content\/uploads\/2021\/09\/Mi-actividad-Laboral.jpeg\" class=\"attachment-full size-full\" alt=\"\" srcset=\"https:\/\/juliocesartriana.com\/wp-content\/uploads\/2021\/09\/Mi-actividad-Laboral.jpeg 1280w, https:\/\/juliocesartriana.com\/wp-content\/uploads\/2021\/09\/Mi-actividad-Laboral-300x225.jpeg 300w, https:\/\/juliocesartriana.com\/wp-content\/uploads\/2021\/09\/Mi-actividad-Laboral-1024x768.jpeg 1024w, https:\/\/juliocesartriana.com\/wp-content\/uploads\/2021\/09\/Mi-actividad-Laboral-768x576.jpeg 768w\" sizes=\"auto, (max-width: 1280px) 100vw, 1280px\" \/>\t\t\t\t\t\t\t\t\t\t\t\t\t\t<\/div>\n\t\t\t\t\t\t<\/div>\n\t\t\t\t<\/div>\n\t\t\t\t\t\t<\/div>\n\t\t\t\t\t<\/div>\n\t\t<\/div>\n\t\t\t\t\t\t\t\t<\/div>\n\t\t\t\t\t<\/div>\n\t\t<\/section>\n\t\t\t\t\t\t<\/div>\n\t\t\t\t\t<\/div>\n\t\t<\/div>\n\t\t\t\t\t\t\t\t<\/div>\n\t\t\t\t\t<\/div>\n\t\t<\/section>\n\t\t\t\t\t\t<\/div>\n\t\t\t\t\t\t<\/div>\n\t\t\t\t\t<\/div>\n\t\t","protected":false},"excerpt":{"rendered":"<p>Mi vida personal Orgullosamente opita. Nac\u00ed hace 44 a\u00f1os en el municipio de Gigante, Huila. Soy hijo de \u00c1lvaro Triana e Hilda Quintero. De mi madre destaco su entrega y de mi padre su amor por el campo. Tengo a mi lado a una mujer maravillosa, Larissa Calder\u00f3n, que me dio la bendici\u00f3n de ser &hellip;<\/p>\n<p class=\"read-more\"> <a class=\"\" href=\"https:\/\/juliocesartriana.com\/index.php\/conoceme\/\"> <span class=\"screen-reader-text\">Con\u00f3ceme<\/span> Leer m\u00e1s &raquo;<\/a><\/p>\n","protected":false},"author":1,"featured_media":0,"parent":0,"menu_order":0,"comment_status":"closed","ping_status":"closed","template":"","meta":{"ngg_post_thumbnail":0,"footnotes":""},"class_list":["post-898","page","type-page","status-publish","hentry"],"yoast_head":"<!-- This site is optimized with the Yoast SEO plugin v18.5.1 - https:\/\/yoast.com\/wordpress\/plugins\/seo\/ -->\n<title>Julio C\u00e9sar Triana - Representante a la C\u00e1mara por el Huila<\/title>\n<meta name=\"description\" content=\"Representante a la C\u00e1mara por el Departamento del Huila. Periodo 2018 - 2022 y 2022 - 2026. Partido Cambio Radical. Somos La Voz del Huila.\" \/>\n<meta name=\"robots\" content=\"index, follow, max-snippet:-1, max-image-preview:large, max-video-preview:-1\" \/>\n<link rel=\"canonical\" href=\"https:\/\/juliocesartriana.com\/index.php\/conoceme\/\" \/>\n<meta property=\"og:locale\" content=\"es_ES\" \/>\n<meta property=\"og:type\" content=\"article\" \/>\n<meta property=\"og:title\" content=\"Julio C\u00e9sar Triana - Representante a la C\u00e1mara por el Huila\" \/>\n<meta property=\"og:description\" content=\"Representante a la C\u00e1mara por el Departamento del Huila. Periodo 2018 - 2022 y 2022 - 2026. Partido Cambio Radical. Somos La Voz del Huila.\" \/>\n<meta property=\"og:url\" content=\"https:\/\/juliocesartriana.com\/index.php\/conoceme\/\" \/>\n<meta property=\"og:site_name\" content=\"Julio C\u00e9sar Triana - Representante a la C\u00e1mara por el Huila\" \/>\n<meta property=\"article:publisher\" content=\"https:\/\/www.facebook.com\/TrianaCongreso\/\" \/>\n<meta property=\"article:modified_time\" content=\"2021-09-21T14:00:52+00:00\" \/>\n<meta property=\"og:image\" content=\"https:\/\/juliocesartriana.com\/wp-content\/uploads\/2021\/03\/WhatsApp-Image-2021-03-12-at-12.52.30-PM-e1615592487292.jpeg\" \/>\n<meta name=\"twitter:card\" content=\"summary_large_image\" \/>\n<meta name=\"twitter:label1\" content=\"Tiempo de lectura\" \/>\n\t<meta name=\"twitter:data1\" content=\"1 minuto\" \/>\n<script type=\"application\/ld+json\" class=\"yoast-schema-graph\">{\"@context\":\"https:\/\/schema.org\",\"@graph\":[{\"@type\":\"Organization\",\"@id\":\"https:\/\/juliocesartriana.com\/#organization\",\"name\":\"Julio C\u00e9sar Triana - Representante a la C\u00e1mara\",\"url\":\"https:\/\/juliocesartriana.com\/\",\"sameAs\":[\"https:\/\/www.facebook.com\/TrianaCongreso\/\",\"https:\/\/www.instagram.com\/trianacongreso\/\"],\"logo\":{\"@type\":\"ImageObject\",\"@id\":\"https:\/\/juliocesartriana.com\/#logo\",\"inLanguage\":\"es\",\"url\":\"https:\/\/juliocesartriana.com\/wp-content\/uploads\/2021\/03\/Salo\u0301n-eli\u0301ptico-presidiendo-1.jpeg\",\"contentUrl\":\"https:\/\/juliocesartriana.com\/wp-content\/uploads\/2021\/03\/Salo\u0301n-eli\u0301ptico-presidiendo-1.jpeg\",\"width\":1280,\"height\":853,\"caption\":\"Julio C\u00e9sar Triana - Representante a la C\u00e1mara\"},\"image\":{\"@id\":\"https:\/\/juliocesartriana.com\/#logo\"}},{\"@type\":\"WebSite\",\"@id\":\"https:\/\/juliocesartriana.com\/#website\",\"url\":\"https:\/\/juliocesartriana.com\/\",\"name\":\"Julio C\u00e9sar Triana - Representante a la C\u00e1mara por el Huila\",\"description\":\"Representante a la C\u00e1mara por el Departamento del Huila.\",\"publisher\":{\"@id\":\"https:\/\/juliocesartriana.com\/#organization\"},\"potentialAction\":[{\"@type\":\"SearchAction\",\"target\":{\"@type\":\"EntryPoint\",\"urlTemplate\":\"https:\/\/juliocesartriana.com\/?s={search_term_string}\"},\"query-input\":\"required name=search_term_string\"}],\"inLanguage\":\"es\"},{\"@type\":\"ImageObject\",\"@id\":\"https:\/\/juliocesartriana.com\/index.php\/conoceme\/#primaryimage\",\"inLanguage\":\"es\",\"url\":\"https:\/\/juliocesartriana.com\/wp-content\/uploads\/2021\/03\/WhatsApp-Image-2021-03-12-at-12.52.30-PM-e1615592487292.jpeg\",\"contentUrl\":\"https:\/\/juliocesartriana.com\/wp-content\/uploads\/2021\/03\/WhatsApp-Image-2021-03-12-at-12.52.30-PM-e1615592487292.jpeg\",\"width\":956,\"height\":825},{\"@type\":\"WebPage\",\"@id\":\"https:\/\/juliocesartriana.com\/index.php\/conoceme\/#webpage\",\"url\":\"https:\/\/juliocesartriana.com\/index.php\/conoceme\/\",\"name\":\"Julio C\u00e9sar Triana - Representante a la C\u00e1mara por el Huila\",\"isPartOf\":{\"@id\":\"https:\/\/juliocesartriana.com\/#website\"},\"primaryImageOfPage\":{\"@id\":\"https:\/\/juliocesartriana.com\/index.php\/conoceme\/#primaryimage\"},\"datePublished\":\"2021-03-12T00:10:17+00:00\",\"dateModified\":\"2021-09-21T14:00:52+00:00\",\"description\":\"Representante a la C\u00e1mara por el Departamento del Huila. Periodo 2018 - 2022 y 2022 - 2026. Partido Cambio Radical. Somos La Voz del Huila.\",\"breadcrumb\":{\"@id\":\"https:\/\/juliocesartriana.com\/index.php\/conoceme\/#breadcrumb\"},\"inLanguage\":\"es\",\"potentialAction\":[{\"@type\":\"ReadAction\",\"target\":[\"https:\/\/juliocesartriana.com\/index.php\/conoceme\/\"]}]},{\"@type\":\"BreadcrumbList\",\"@id\":\"https:\/\/juliocesartriana.com\/index.php\/conoceme\/#breadcrumb\",\"itemListElement\":[{\"@type\":\"ListItem\",\"position\":1,\"name\":\"Portada\",\"item\":\"https:\/\/juliocesartriana.com\/\"},{\"@type\":\"ListItem\",\"position\":2,\"name\":\"Con\u00f3ceme\"}]}]}<\/script>\n<!-- \/ Yoast SEO plugin. -->","yoast_head_json":{"title":"Julio C\u00e9sar Triana - Representante a la C\u00e1mara por el Huila","description":"Representante a la C\u00e1mara por el Departamento del Huila. Periodo 2018 - 2022 y 2022 - 2026. Partido Cambio Radical. Somos La Voz del Huila.","robots":{"index":"index","follow":"follow","max-snippet":"max-snippet:-1","max-image-preview":"max-image-preview:large","max-video-preview":"max-video-preview:-1"},"canonical":"https:\/\/juliocesartriana.com\/index.php\/conoceme\/","og_locale":"es_ES","og_type":"article","og_title":"Julio C\u00e9sar Triana - Representante a la C\u00e1mara por el Huila","og_description":"Representante a la C\u00e1mara por el Departamento del Huila. Periodo 2018 - 2022 y 2022 - 2026. Partido Cambio Radical. Somos La Voz del Huila.","og_url":"https:\/\/juliocesartriana.com\/index.php\/conoceme\/","og_site_name":"Julio C\u00e9sar Triana - Representante a la C\u00e1mara por el Huila","article_publisher":"https:\/\/www.facebook.com\/TrianaCongreso\/","article_modified_time":"2021-09-21T14:00:52+00:00","og_image":[{"url":"https:\/\/juliocesartriana.com\/wp-content\/uploads\/2021\/03\/WhatsApp-Image-2021-03-12-at-12.52.30-PM-e1615592487292.jpeg"}],"twitter_card":"summary_large_image","twitter_misc":{"Tiempo de lectura":"1 minuto"},"schema":{"@context":"https:\/\/schema.org","@graph":[{"@type":"Organization","@id":"https:\/\/juliocesartriana.com\/#organization","name":"Julio C\u00e9sar Triana - Representante a la C\u00e1mara","url":"https:\/\/juliocesartriana.com\/","sameAs":["https:\/\/www.facebook.com\/TrianaCongreso\/","https:\/\/www.instagram.com\/trianacongreso\/"],"logo":{"@type":"ImageObject","@id":"https:\/\/juliocesartriana.com\/#logo","inLanguage":"es","url":"https:\/\/juliocesartriana.com\/wp-content\/uploads\/2021\/03\/Salo\u0301n-eli\u0301ptico-presidiendo-1.jpeg","contentUrl":"https:\/\/juliocesartriana.com\/wp-content\/uploads\/2021\/03\/Salo\u0301n-eli\u0301ptico-presidiendo-1.jpeg","width":1280,"height":853,"caption":"Julio C\u00e9sar Triana - Representante a la C\u00e1mara"},"image":{"@id":"https:\/\/juliocesartriana.com\/#logo"}},{"@type":"WebSite","@id":"https:\/\/juliocesartriana.com\/#website","url":"https:\/\/juliocesartriana.com\/","name":"Julio C\u00e9sar Triana - Representante a la C\u00e1mara por el Huila","description":"Representante a la C\u00e1mara por el Departamento del Huila.","publisher":{"@id":"https:\/\/juliocesartriana.com\/#organization"},"potentialAction":[{"@type":"SearchAction","target":{"@type":"EntryPoint","urlTemplate":"https:\/\/juliocesartriana.com\/?s={search_term_string}"},"query-input":"required name=search_term_string"}],"inLanguage":"es"},{"@type":"ImageObject","@id":"https:\/\/juliocesartriana.com\/index.php\/conoceme\/#primaryimage","inLanguage":"es","url":"https:\/\/juliocesartriana.com\/wp-content\/uploads\/2021\/03\/WhatsApp-Image-2021-03-12-at-12.52.30-PM-e1615592487292.jpeg","contentUrl":"https:\/\/juliocesartriana.com\/wp-content\/uploads\/2021\/03\/WhatsApp-Image-2021-03-12-at-12.52.30-PM-e1615592487292.jpeg","width":956,"height":825},{"@type":"WebPage","@id":"https:\/\/juliocesartriana.com\/index.php\/conoceme\/#webpage","url":"https:\/\/juliocesartriana.com\/index.php\/conoceme\/","name":"Julio C\u00e9sar Triana - Representante a la C\u00e1mara por el Huila","isPartOf":{"@id":"https:\/\/juliocesartriana.com\/#website"},"primaryImageOfPage":{"@id":"https:\/\/juliocesartriana.com\/index.php\/conoceme\/#primaryimage"},"datePublished":"2021-03-12T00:10:17+00:00","dateModified":"2021-09-21T14:00:52+00:00","description":"Representante a la C\u00e1mara por el Departamento del Huila. Periodo 2018 - 2022 y 2022 - 2026. Partido Cambio Radical. Somos La Voz del Huila.","breadcrumb":{"@id":"https:\/\/juliocesartriana.com\/index.php\/conoceme\/#breadcrumb"},"inLanguage":"es","potentialAction":[{"@type":"ReadAction","target":["https:\/\/juliocesartriana.com\/index.php\/conoceme\/"]}]},{"@type":"BreadcrumbList","@id":"https:\/\/juliocesartriana.com\/index.php\/conoceme\/#breadcrumb","itemListElement":[{"@type":"ListItem","position":1,"name":"Portada","item":"https:\/\/juliocesartriana.com\/"},{"@type":"ListItem","position":2,"name":"Con\u00f3ceme"}]}]}},"_links":{"self":[{"href":"https:\/\/juliocesartriana.com\/index.php\/wp-json\/wp\/v2\/pages\/898","targetHints":{"allow":["GET"]}}],"collection":[{"href":"https:\/\/juliocesartriana.com\/index.php\/wp-json\/wp\/v2\/pages"}],"about":[{"href":"https:\/\/juliocesartriana.com\/index.php\/wp-json\/wp\/v2\/types\/page"}],"author":[{"embeddable":true,"href":"https:\/\/juliocesartriana.com\/index.php\/wp-json\/wp\/v2\/users\/1"}],"replies":[{"embeddable":true,"href":"https:\/\/juliocesartriana.com\/index.php\/wp-json\/wp\/v2\/comments?post=898"}],"version-history":[{"count":66,"href":"https:\/\/juliocesartriana.com\/index.php\/wp-json\/wp\/v2\/pages\/898\/revisions"}],"predecessor-version":[{"id":2718,"href":"https:\/\/juliocesartriana.com\/index.php\/wp-json\/wp\/v2\/pages\/898\/revisions\/2718"}],"wp:attachment":[{"href":"https:\/\/juliocesartriana.com\/index.php\/wp-json\/wp\/v2\/media?parent=898"}],"curies":[{"name":"wp","href":"https:\/\/api.w.org\/{rel}","templated":true}]}}