{"version":"1.0","provider_name":"Julio C\u00e9sar Triana - Representante a la C\u00e1mara por el Huila","provider_url":"https:\/\/juliocesartriana.com","author_name":"admin","author_url":"https:\/\/juliocesartriana.com\/index.php\/author\/admin_dovqajq2\/","title":"Julio C\u00e9sar Triana - Representante a la C\u00e1mara por el Huila","type":"rich","width":600,"height":338,"html":"<blockquote class=\"wp-embedded-content\" data-secret=\"1w5d5330yH\"><a href=\"https:\/\/juliocesartriana.com\/index.php\/2022\/03\/17\/cielos-abiertos-para-potenciar-el-turismo\/\">Cielos abiertos para potenciar el turismo<\/a><\/blockquote><iframe sandbox=\"allow-scripts\" security=\"restricted\" src=\"https:\/\/juliocesartriana.com\/index.php\/2022\/03\/17\/cielos-abiertos-para-potenciar-el-turismo\/embed\/#?secret=1w5d5330yH\" width=\"600\" height=\"338\" title=\"\u00abCielos abiertos para potenciar el turismo\u00bb \u2014 Julio C\u00e9sar Triana - Representante a la C\u00e1mara por el Huila\" data-secret=\"1w5d5330yH\" frameborder=\"0\" marginwidth=\"0\" marginheight=\"0\" scrolling=\"no\" class=\"wp-embedded-content\"><\/iframe><script>\n\/*! This file is auto-generated *\/\n!function(d,l){\"use strict\";l.querySelector&&d.addEventListener&&\"undefined\"!=typeof URL&&(d.wp=d.wp||{},d.wp.receiveEmbedMessage||(d.wp.receiveEmbedMessage=function(e){var t=e.data;if((t||t.secret||t.message||t.value)&&!\/[^a-zA-Z0-9]\/.test(t.secret)){for(var s,r,n,a=l.querySelectorAll('iframe[data-secret=\"'+t.secret+'\"]'),o=l.querySelectorAll('blockquote[data-secret=\"'+t.secret+'\"]'),c=new RegExp(\"^https?:$\",\"i\"),i=0;i<o.length;i++)o[i].style.display=\"none\";for(i=0;i<a.length;i++)s=a[i],e.source===s.contentWindow&&(s.removeAttribute(\"style\"),\"height\"===t.message?(1e3<(r=parseInt(t.value,10))?r=1e3:~~r<200&&(r=200),s.height=r):\"link\"===t.message&&(r=new URL(s.getAttribute(\"src\")),n=new URL(t.value),c.test(n.protocol))&&n.host===r.host&&l.activeElement===s&&(d.top.location.href=t.value))}},d.addEventListener(\"message\",d.wp.receiveEmbedMessage,!1),l.addEventListener(\"DOMContentLoaded\",function(){for(var e,t,s=l.querySelectorAll(\"iframe.wp-embedded-content\"),r=0;r<s.length;r++)(t=(e=s[r]).getAttribute(\"data-secret\"))||(t=Math.random().toString(36).substring(2,12),e.src+=\"#?secret=\"+t,e.setAttribute(\"data-secret\",t)),e.contentWindow.postMessage({message:\"ready\",secret:t},\"*\")},!1)))}(window,document);\n\/\/# sourceURL=https:\/\/juliocesartriana.com\/wp-includes\/js\/wp-embed.min.js\n<\/script>\n","thumbnail_url":"https:\/\/juliocesartriana.com\/wp-content\/uploads\/2023\/04\/VISITA-PRESIDENCIA.jpeg","thumbnail_width":1024,"thumbnail_height":768,"description":"El proyecto de ley presentado por la Bancada del Partido Cambio radical busca establecer en el pa\u00eds una pol\u00edtica aerocomercial de cielos abiertos, a excepci\u00f3n del tr\u00e1fico de cabotaje, de acuerdo con el r\u00e9gimen desregulado que establece la Organizaci\u00f3n de Aviaci\u00f3n Civil Internacional (OACI). La literatura en la materia ha mostrado que el establecimiento de &hellip; Skin &#8211; Thumbnail Leer m\u00e1s &raquo;"}