{"version":"1.0","provider_name":"Julio C\u00e9sar Triana - Representante a la C\u00e1mara por el Huila","provider_url":"https:\/\/juliocesartriana.com","author_name":"admin","author_url":"https:\/\/juliocesartriana.com\/index.php\/author\/admin_dovqajq2\/","title":"Julio C\u00e9sar Triana - Representante a la C\u00e1mara por el Huila","type":"rich","width":600,"height":338,"html":"<blockquote class=\"wp-embedded-content\" data-secret=\"5LmsnN5cuu\"><a href=\"https:\/\/juliocesartriana.com\/index.php\/2021\/04\/22\/insercion-laboral-para-jovenes\/\">Convalidaci\u00f3n de la experiencia laboral para J\u00f3venes<\/a><\/blockquote><iframe sandbox=\"allow-scripts\" security=\"restricted\" src=\"https:\/\/juliocesartriana.com\/index.php\/2021\/04\/22\/insercion-laboral-para-jovenes\/embed\/#?secret=5LmsnN5cuu\" width=\"600\" height=\"338\" title=\"\u00abConvalidaci\u00f3n de la experiencia laboral para J\u00f3venes\u00bb \u2014 Julio C\u00e9sar Triana - Representante a la C\u00e1mara por el Huila\" data-secret=\"5LmsnN5cuu\" frameborder=\"0\" marginwidth=\"0\" marginheight=\"0\" scrolling=\"no\" class=\"wp-embedded-content\"><\/iframe><script>\n\/*! This file is auto-generated *\/\n!function(d,l){\"use strict\";l.querySelector&&d.addEventListener&&\"undefined\"!=typeof URL&&(d.wp=d.wp||{},d.wp.receiveEmbedMessage||(d.wp.receiveEmbedMessage=function(e){var t=e.data;if((t||t.secret||t.message||t.value)&&!\/[^a-zA-Z0-9]\/.test(t.secret)){for(var s,r,n,a=l.querySelectorAll('iframe[data-secret=\"'+t.secret+'\"]'),o=l.querySelectorAll('blockquote[data-secret=\"'+t.secret+'\"]'),c=new RegExp(\"^https?:$\",\"i\"),i=0;i<o.length;i++)o[i].style.display=\"none\";for(i=0;i<a.length;i++)s=a[i],e.source===s.contentWindow&&(s.removeAttribute(\"style\"),\"height\"===t.message?(1e3<(r=parseInt(t.value,10))?r=1e3:~~r<200&&(r=200),s.height=r):\"link\"===t.message&&(r=new URL(s.getAttribute(\"src\")),n=new URL(t.value),c.test(n.protocol))&&n.host===r.host&&l.activeElement===s&&(d.top.location.href=t.value))}},d.addEventListener(\"message\",d.wp.receiveEmbedMessage,!1),l.addEventListener(\"DOMContentLoaded\",function(){for(var e,t,s=l.querySelectorAll(\"iframe.wp-embedded-content\"),r=0;r<s.length;r++)(t=(e=s[r]).getAttribute(\"data-secret\"))||(t=Math.random().toString(36).substring(2,12),e.src+=\"#?secret=\"+t,e.setAttribute(\"data-secret\",t)),e.contentWindow.postMessage({message:\"ready\",secret:t},\"*\")},!1)))}(window,document);\n\/\/# sourceURL=https:\/\/juliocesartriana.com\/wp-includes\/js\/wp-embed.min.js\n<\/script>\n","thumbnail_url":"https:\/\/juliocesartriana.com\/wp-content\/uploads\/2021\/03\/WhatsApp-Image-2021-03-09-at-4.11.20-PM-4.jpeg","thumbnail_width":1024,"thumbnail_height":682,"description":"Celebramos la Sanci\u00f3n Presidencial de esta Ley de la Rep\u00fablica, con la cual buscamos garantizar que los j\u00f3venes puedan acceder a su primer empleo sin el excluyente requisito de la experiencia. \u00bfC\u00f3mo se beneficiar\u00e1n los j\u00f3venes? Las pasant\u00edas, pr\u00e1cticas profesionales, trabajos de investigaci\u00f3n, a\u00f1os rurales, judicaturas, entre otros, ser\u00e1n tenidos en cuenta como experiencia laboral.Se &hellip; Skin &#8211; Thumbnail Leer m\u00e1s &raquo;"}